{"id":684,"date":"2018-06-07T15:48:06","date_gmt":"2018-06-07T15:48:06","guid":{"rendered":"http:\/\/www.kanzasarl.com\/?page_id=684"},"modified":"2025-08-26T08:46:47","modified_gmt":"2025-08-26T08:46:47","slug":"equipe-dirigeante","status":"publish","type":"page","link":"https:\/\/www.kanzasarl.com\/en\/a-propos\/equipe-dirigeante\/","title":{"rendered":"L&rsquo;\u00e9quipe dirigeante"},"content":{"rendered":"<div class=\"staff-list row\">\r\n\t\t<div class=\"col-12 cl-xs-12 mb-5\" style=\"margin-bottom: 60px\">\r\n\t\t<div class=\"staff-photo\" style=\"background-image: url(https:\/\/www.kanzasarl.com\/wp-content\/uploads\/2017\/10\/22894663_10159449740665321_74231351_n-238x300.png)\"><\/div>\r\n\t\t<div class=\"staff-details\">\r\n\t\t\t<div class=\"staff-nom\">Lisette Kamfang<\/div>\r\n\t\t\t<div class=\"staff-poste\">Founder<\/div>\r\n\t\t\t\t\t\t\t<div class=\"staff-telephone\"><\/div>\r\n\t\t\t\t\t\t\t\t\t\t<div class=\"staff-email\"><\/div>\r\n\t\t\t\t\t\t<div class=\"staff-description\">\r\n\t\t\t\t<!-- wp:paragraph -->\n<p>Dipl\u00f4m\u00e9e de l'\u00e9cole secondaire et obtenu son dipl\u00f4me associ\u00e9 en secr\u00e9tariat \u00e0 Douala, au Cameroun; Lisette a commenc\u00e9 \u00e0 travailler tr\u00e8s jeune. elle a travaill\u00e9 comme secr\u00e9taire pour le gouverneur de l'Ouest et a d\u00e9cid\u00e9 d'aller chercher une meilleure occasion quand elle a sollicit\u00e9 par son superviseur pour venir travailler avec lui dans la compagnie d'\u00e9lectricit\u00e9 camerounaise. Travaillant l\u00e0 pour le moment Elle a d\u00e9cid\u00e9 d'ouvrir sa propre entreprise d'entrepreneur en \u00e9lectricit\u00e9 en raison de la forte demande \u00e0 cette \u00e9poque.C'est Kanza Sarl a \u00e9t\u00e9 cr\u00e9\u00e9 en 1994.<\/p>\n<!-- \/wp:paragraph -->\t\t\t<\/div>\r\n\t\t<\/div>\r\n\t<\/div>\r\n\t\t<div class=\"col-12 cl-xs-12 mb-5 transitable transitable-vers-haut\" style=\"margin-bottom: 60px\">\r\n\t\t<div class=\"staff-photo\" style=\"background-image: url(https:\/\/www.kanzasarl.com\/wp-content\/uploads\/2017\/10\/22894638_10159449753830321_1794297280_n-300x300.jpg)\"><\/div>\r\n\t\t<div class=\"staff-details\">\r\n\t\t\t<div class=\"staff-nom\">Landry Fezeu<\/div>\r\n\t\t\t<div class=\"staff-poste\">CEO<\/div>\r\n\t\t\t\t\t\t\t<div class=\"staff-telephone\"><\/div>\r\n\t\t\t\t\t\t\t\t\t\t<div class=\"staff-email\"><\/div>\r\n\t\t\t\t\t\t<div class=\"staff-description\">\r\n\t\t\t\t<!-- wp:paragraph -->\n<p>Depuis qu'il a assum\u00e9 les fonctions de pr\u00e9sident, M. Landry a consid\u00e9rablement accru les revenus et la base d'employ\u00e9s de l'organisation. Dirigeant entrepreneurial exp\u00e9riment\u00e9 et diversifi\u00e9, le leadership et le succ\u00e8s de Landry reposent sur les technologies, fondement de l'honn\u00eatet\u00e9, de la confiance, de l'int\u00e9grit\u00e9 et du respect. Ayant grandi dans une industrie technique, Landry a commenc\u00e9 l'\u00e9lectricit\u00e9 au secondaire. Il s'est rendu au Maroc et au S\u00e9n\u00e9gal o\u00f9 il a obtenu deux dipl\u00f4mes d'associ\u00e9 en commerce et en informatique. Il a atterri aux Etats-Unis Apr\u00e8s o\u00f9 sa passion pour associer l'informatique \u00e0 tout se double. Landry a obtenu un dipl\u00f4me d'associ\u00e9 et un baccalaur\u00e9at en sciences de l'Universit\u00e9 Oahland. Il a obtenu sa ma\u00eetrise en administration de l'Universit\u00e9 Central Mchigan (\u00c9tats-Unis). Depuis, il a compl\u00e9t\u00e9 cette formation avec de l'exp\u00e9rience dans tous les aspects des technologies. Il a obtenu de nombreuses certifications sur les technologies, l'\u00e9nergie solaire et les villes intelligentes; Il a travaill\u00e9 pour de grandes organisations telles que Comerica Bank, DTE Energy, HP \u2026 et il a d\u00e9cid\u00e9 un jour qu'il \u00e9tait temps de rentrer \u00e0 la maison et de ses connaissances pour d\u00e9velopper les affaires familiales.<\/p>\n<!-- \/wp:paragraph -->\t\t\t<\/div>\r\n\t\t<\/div>\r\n\t<\/div>\r\n\t\t<div class=\"col-12 cl-xs-12 mb-5 transitable transitable-vers-haut\" style=\"margin-bottom: 60px\">\r\n\t\t<div class=\"staff-photo\" style=\"background-image: url(https:\/\/www.kanzasarl.com\/wp-content\/uploads\/2024\/09\/maurice-kamgaing.jpg)\"><\/div>\r\n\t\t<div class=\"staff-details\">\r\n\t\t\t<div class=\"staff-nom\">Maurice Kamgaing<\/div>\r\n\t\t\t<div class=\"staff-poste\">Deputy Director<\/div>\r\n\t\t\t\t\t\t\t<div class=\"staff-telephone\"><\/div>\r\n\t\t\t\t\t\t\t\t\t\t<div class=\"staff-email\"><\/div>\r\n\t\t\t\t\t\t<div class=\"staff-description\">\r\n\t\t\t\t<!-- wp:paragraph -->\n<p>Professeur de lyc\u00e9e dans les ann\u00e9es 90, il sollicitait par le fondateur de Kanza Sarl Lisette pour travailler avec elle. Il a commenc\u00e9 en tant que superviseur Simple. Il \u00e9tait \u00e0 la recherche de connaissances, il a d\u00e9cid\u00e9 d'assister \u00e0 tous les cours offerts par Electrical Company of Cameroon. Son app\u00e9tit grandissait jusqu'\u00e0 ce qu'il devienne le premier superviseur de Kanza Electrical Work. Il est devenu PDG avec un bon chemin. La plupart du plus grand moment de l'entreprise \u00e0 la fin des ann\u00e9es 90 et au d\u00e9but des ann\u00e9es 2000 \u00e9tait sous. Maintenant, il est \u00e0 Kanza Sarl chez un grand conseiller, et en second lieu le PDG actuel.<\/p>\n<!-- \/wp:paragraph -->\t\t\t<\/div>\r\n\t\t<\/div>\r\n\t<\/div>\r\n\t\t<div class=\"col-12 cl-xs-12 mb-5 transitable transitable-vers-haut\" style=\"margin-bottom: 60px\">\r\n\t\t<div class=\"staff-photo\" style=\"background-image: url(https:\/\/www.kanzasarl.com\/wp-content\/uploads\/2024\/09\/lucas-mabouo.jpg)\"><\/div>\r\n\t\t<div class=\"staff-details\">\r\n\t\t\t<div class=\"staff-nom\">Lucas Mabouo<\/div>\r\n\t\t\t<div class=\"staff-poste\">Technical Director<\/div>\r\n\t\t\t\t\t\t\t<div class=\"staff-telephone\"><\/div>\r\n\t\t\t\t\t\t\t\t\t\t<div class=\"staff-email\"><\/div>\r\n\t\t\t\t\t\t<div class=\"staff-description\">\r\n\t\t\t\t<!-- wp:paragraph -->\n<p>Lucas dirige actuellement le projet de transmission de kanza qui a d\u00e9marr\u00e9 fin 2016. Ce projet est l'un des plus importants projets de transport \u00e9lectrique d'ing\u00e9nierie, d'approvisionnement et de construction (EPC) jamais d\u00e9cern\u00e9 au nord du Cameroun. Lucas apporte avec lui trois d\u00e9cennies d'exp\u00e9rience dans l'industrie des lignes \u00e9lectriques. Il a commenc\u00e9 sa carri\u00e8re en travaillant comme niveau d'entr\u00e9e, o\u00f9 il a rempli plusieurs r\u00f4les diff\u00e9rents. Lucas a travaill\u00e9 sur de nombreux projets de sous-station, de transmission et de distribution d'EPC. Son exp\u00e9rience dans le domaine a aid\u00e9 Lucas \u00e0 affiner son expertise dans la gestion et la mise en relation des deux composantes de chaque projet r\u00e9ussi. le design et l'ex\u00e9cution. Lucas met un accent important sur le travail d'\u00e9quipe et la responsabilisation, des facteurs cl\u00e9s dans son style de leadership.<\/p>\n<!-- \/wp:paragraph -->\t\t\t<\/div>\r\n\t\t<\/div>\r\n\t<\/div>\r\n\t\t<div class=\"col-12 cl-xs-12 mb-5 transitable transitable-vers-haut\" style=\"margin-bottom: 60px\">\r\n\t\t<div class=\"staff-photo\" style=\"background-image: url(https:\/\/www.kanzasarl.com\/wp-content\/uploads\/2024\/09\/judith-ngueya.jpg)\"><\/div>\r\n\t\t<div class=\"staff-details\">\r\n\t\t\t<div class=\"staff-nom\">Judith Ngnossee Ngueya<\/div>\r\n\t\t\t<div class=\"staff-poste\">Secretary and CEO's assistant<\/div>\r\n\t\t\t\t\t\t\t<div class=\"staff-telephone\"><\/div>\r\n\t\t\t\t\t\t\t\t\t\t<div class=\"staff-email\"><\/div>\r\n\t\t\t\t\t\t<div class=\"staff-description\">\r\n\t\t\t\t<!-- wp:paragraph -->\n<p>Elle a commenc\u00e9 dans l'entreprise en 2000 comme un niveau d'entr\u00e9e. Aujourd'hui, elle est un membre du personnel tr\u00e8s important sur qui l'entreprise compte. En tant qu'assistante du PDG, elle est \u00e9galement responsable de toutes les nouvelles connexions et de la tr\u00e9sorerie de l'entreprise. Elle est le front office de la Kanza Sarl et consacre le plus clair de son temps \u00e0 ses t\u00e2ches. Elle s'assure que tout se passe bien dans le bureau et au-del\u00e0.<\/p>\n<!-- \/wp:paragraph -->\t\t\t<\/div>\r\n\t\t<\/div>\r\n\t<\/div>\r\n\t\t<div class=\"col-12 cl-xs-12 mb-5 transitable transitable-vers-haut\" style=\"margin-bottom: 60px\">\r\n\t\t<div class=\"staff-photo\" style=\"background-image: url(https:\/\/www.kanzasarl.com\/wp-content\/uploads\/2018\/03\/20180309_132849-edit-295x300.jpg)\"><\/div>\r\n\t\t<div class=\"staff-details\">\r\n\t\t\t<div class=\"staff-nom\">Brice Meye<\/div>\r\n\t\t\t<div class=\"staff-poste\">In charge of the IT department<\/div>\r\n\t\t\t\t\t\t\t<div class=\"staff-telephone\"><\/div>\r\n\t\t\t\t\t\t\t\t\t\t<div class=\"staff-email\"><\/div>\r\n\t\t\t\t\t\t<div class=\"staff-description\">\r\n\t\t\t\t<!-- wp:paragraph -->\n<p>Il a rejoint la soci\u00e9t\u00e9 en 2019 en tant que coordinateur informatique. En raison de son travail acharn\u00e9, il est aujourd'hui l'un des employ\u00e9s les plus importants avec le syst\u00e8me d'information qu'il a construit \u00e0 partir de z\u00e9ro pour mieux g\u00e9rer l'entreprise. En plus d'\u00eatre le webmestre, l'administrateur du syst\u00e8me, le service d'assistance, il est \u00e9galement responsable du recouvrement. Il tient un r\u00f4le crucial dans l'entreprise.<\/p>\n<!-- \/wp:paragraph -->\t\t\t<\/div>\r\n\t\t<\/div>\r\n\t<\/div>\r\n\t<\/div>\r\n\n\n\n\n<p><\/p>","protected":false},"excerpt":{"rendered":"","protected":false},"author":1,"featured_media":148,"parent":680,"menu_order":0,"comment_status":"closed","ping_status":"closed","template":"page-with-sub-menu","meta":{"footnotes":""},"class_list":["post-684","page","type-page","status-publish","has-post-thumbnail","hentry"],"yoast_head":"<!-- This site is optimized with the Yoast SEO plugin v27.5 - https:\/\/yoast.com\/product\/yoast-seo-wordpress\/ -->\n<title>L&#039;\u00e9quipe dirigeante - KANZA SARL<\/title>\n<meta name=\"description\" content=\"&quot;D\u00e9couvrez l\u2019\u00e9quipe dirigeante de Kanzas SARL : des experts en gestion, innovation et strat\u00e9gie au service de votre r\u00e9ussite.&quot;\" \/>\n<meta name=\"robots\" content=\"index, follow, max-snippet:-1, max-image-preview:large, max-video-preview:-1\" \/>\n<link rel=\"canonical\" href=\"https:\/\/www.kanzasarl.com\/en\/a-propos\/equipe-dirigeante\/\" \/>\n<meta property=\"og:locale\" content=\"en_GB\" \/>\n<meta property=\"og:type\" content=\"article\" \/>\n<meta property=\"og:title\" content=\"L&#039;\u00e9quipe dirigeante - KANZA SARL\" \/>\n<meta property=\"og:description\" content=\"&quot;D\u00e9couvrez l\u2019\u00e9quipe dirigeante de Kanzas SARL : des experts en gestion, innovation et strat\u00e9gie au service de votre r\u00e9ussite.&quot;\" \/>\n<meta property=\"og:url\" content=\"https:\/\/www.kanzasarl.com\/en\/a-propos\/equipe-dirigeante\/\" \/>\n<meta property=\"og:site_name\" content=\"KANZA SARL\" \/>\n<meta property=\"article:publisher\" content=\"https:\/\/web.facebook.com\/CameroonEnergy\" \/>\n<meta property=\"article:modified_time\" content=\"2025-08-26T08:46:47+00:00\" \/>\n<meta property=\"og:image\" content=\"https:\/\/www.kanzasarl.com\/wp-content\/uploads\/2017\/10\/22751129_10159432405160321_622932255_o2.jpg\" \/>\n\t<meta property=\"og:image:width\" content=\"1422\" \/>\n\t<meta property=\"og:image:height\" content=\"692\" \/>\n\t<meta property=\"og:image:type\" content=\"image\/jpeg\" \/>\n<meta name=\"twitter:card\" content=\"summary_large_image\" \/>\n<meta name=\"twitter:label1\" content=\"Estimated reading time\" \/>\n\t<meta name=\"twitter:data1\" content=\"1 minute\" \/>\n<script type=\"application\/ld+json\" class=\"yoast-schema-graph\">{\"@context\":\"https:\\\/\\\/schema.org\",\"@graph\":[{\"@type\":\"WebPage\",\"@id\":\"https:\\\/\\\/www.kanzasarl.com\\\/a-propos\\\/equipe-dirigeante\\\/\",\"url\":\"https:\\\/\\\/www.kanzasarl.com\\\/a-propos\\\/equipe-dirigeante\\\/\",\"name\":\"L'\u00e9quipe dirigeante - KANZA SARL\",\"isPartOf\":{\"@id\":\"https:\\\/\\\/www.kanzasarl.com\\\/#website\"},\"primaryImageOfPage\":{\"@id\":\"https:\\\/\\\/www.kanzasarl.com\\\/a-propos\\\/equipe-dirigeante\\\/#primaryimage\"},\"image\":{\"@id\":\"https:\\\/\\\/www.kanzasarl.com\\\/a-propos\\\/equipe-dirigeante\\\/#primaryimage\"},\"thumbnailUrl\":\"https:\\\/\\\/www.kanzasarl.com\\\/wp-content\\\/uploads\\\/2017\\\/10\\\/22751129_10159432405160321_622932255_o2.jpg\",\"datePublished\":\"2018-06-07T15:48:06+00:00\",\"dateModified\":\"2025-08-26T08:46:47+00:00\",\"description\":\"\\\"D\u00e9couvrez l\u2019\u00e9quipe dirigeante de Kanzas SARL : des experts en gestion, innovation et strat\u00e9gie au service de votre r\u00e9ussite.\\\"\",\"breadcrumb\":{\"@id\":\"https:\\\/\\\/www.kanzasarl.com\\\/a-propos\\\/equipe-dirigeante\\\/#breadcrumb\"},\"inLanguage\":\"en-GB\",\"potentialAction\":[{\"@type\":\"ReadAction\",\"target\":[\"https:\\\/\\\/www.kanzasarl.com\\\/a-propos\\\/equipe-dirigeante\\\/\"]}]},{\"@type\":\"ImageObject\",\"inLanguage\":\"en-GB\",\"@id\":\"https:\\\/\\\/www.kanzasarl.com\\\/a-propos\\\/equipe-dirigeante\\\/#primaryimage\",\"url\":\"https:\\\/\\\/www.kanzasarl.com\\\/wp-content\\\/uploads\\\/2017\\\/10\\\/22751129_10159432405160321_622932255_o2.jpg\",\"contentUrl\":\"https:\\\/\\\/www.kanzasarl.com\\\/wp-content\\\/uploads\\\/2017\\\/10\\\/22751129_10159432405160321_622932255_o2.jpg\",\"width\":1422,\"height\":692,\"caption\":\"\u00e9quipe dirigeante et notre histoire\"},{\"@type\":\"BreadcrumbList\",\"@id\":\"https:\\\/\\\/www.kanzasarl.com\\\/a-propos\\\/equipe-dirigeante\\\/#breadcrumb\",\"itemListElement\":[{\"@type\":\"ListItem\",\"position\":1,\"name\":\"Home\",\"item\":\"https:\\\/\\\/www.kanzasarl.com\\\/\"},{\"@type\":\"ListItem\",\"position\":2,\"name\":\"A propos\",\"item\":\"https:\\\/\\\/www.kanzasarl.com\\\/a-propos\\\/\"},{\"@type\":\"ListItem\",\"position\":3,\"name\":\"L&#8217;\u00e9quipe dirigeante\"}]},{\"@type\":\"WebSite\",\"@id\":\"https:\\\/\\\/www.kanzasarl.com\\\/#website\",\"url\":\"https:\\\/\\\/www.kanzasarl.com\\\/\",\"name\":\"KANZA SARL\",\"description\":\"\",\"publisher\":{\"@id\":\"https:\\\/\\\/www.kanzasarl.com\\\/#organization\"},\"potentialAction\":[{\"@type\":\"SearchAction\",\"target\":{\"@type\":\"EntryPoint\",\"urlTemplate\":\"https:\\\/\\\/www.kanzasarl.com\\\/?s={search_term_string}\"},\"query-input\":{\"@type\":\"PropertyValueSpecification\",\"valueRequired\":true,\"valueName\":\"search_term_string\"}}],\"inLanguage\":\"en-GB\"},{\"@type\":\"Organization\",\"@id\":\"https:\\\/\\\/www.kanzasarl.com\\\/#organization\",\"name\":\"KANZA SARL\",\"url\":\"https:\\\/\\\/www.kanzasarl.com\\\/\",\"logo\":{\"@type\":\"ImageObject\",\"inLanguage\":\"en-GB\",\"@id\":\"https:\\\/\\\/www.kanzasarl.com\\\/#\\\/schema\\\/logo\\\/image\\\/\",\"url\":\"https:\\\/\\\/www.kanzasarl.com\\\/wp-content\\\/uploads\\\/2025\\\/08\\\/logo.png\",\"contentUrl\":\"https:\\\/\\\/www.kanzasarl.com\\\/wp-content\\\/uploads\\\/2025\\\/08\\\/logo.png\",\"width\":646,\"height\":250,\"caption\":\"KANZA SARL\"},\"image\":{\"@id\":\"https:\\\/\\\/www.kanzasarl.com\\\/#\\\/schema\\\/logo\\\/image\\\/\"},\"sameAs\":[\"https:\\\/\\\/web.facebook.com\\\/CameroonEnergy\",\"https:\\\/\\\/www.instagram.com\\\/kanzasarl\\\/#\"]}]}<\/script>\n<!-- \/ Yoast SEO plugin. -->","yoast_head_json":{"title":"L'\u00e9quipe dirigeante - KANZA SARL","description":"\"D\\u00e9couvrez l\\u2019\\u00e9quipe dirigeante de Kanzas SARL : des experts en gestion, innovation et strat\\u00e9gie au service de votre r\\u00e9ussite.\"","robots":{"index":"index","follow":"follow","max-snippet":"max-snippet:-1","max-image-preview":"max-image-preview:large","max-video-preview":"max-video-preview:-1"},"canonical":"https:\/\/www.kanzasarl.com\/en\/a-propos\/equipe-dirigeante\/","og_locale":"en_GB","og_type":"article","og_title":"L'\u00e9quipe dirigeante - KANZA SARL","og_description":"\"D\u00e9couvrez l\u2019\u00e9quipe dirigeante de Kanzas SARL : des experts en gestion, innovation et strat\u00e9gie au service de votre r\u00e9ussite.\"","og_url":"https:\/\/www.kanzasarl.com\/en\/a-propos\/equipe-dirigeante\/","og_site_name":"KANZA SARL","article_publisher":"https:\/\/web.facebook.com\/CameroonEnergy","article_modified_time":"2025-08-26T08:46:47+00:00","og_image":[{"width":1422,"height":692,"url":"https:\/\/www.kanzasarl.com\/wp-content\/uploads\/2017\/10\/22751129_10159432405160321_622932255_o2.jpg","type":"image\/jpeg"}],"twitter_card":"summary_large_image","twitter_misc":{"Estimated reading time":"1 minute"},"schema":{"@context":"https:\/\/schema.org","@graph":[{"@type":"WebPage","@id":"https:\/\/www.kanzasarl.com\/a-propos\/equipe-dirigeante\/","url":"https:\/\/www.kanzasarl.com\/a-propos\/equipe-dirigeante\/","name":"L'\u00e9quipe dirigeante - KANZA SARL","isPartOf":{"@id":"https:\/\/www.kanzasarl.com\/#website"},"primaryImageOfPage":{"@id":"https:\/\/www.kanzasarl.com\/a-propos\/equipe-dirigeante\/#primaryimage"},"image":{"@id":"https:\/\/www.kanzasarl.com\/a-propos\/equipe-dirigeante\/#primaryimage"},"thumbnailUrl":"https:\/\/www.kanzasarl.com\/wp-content\/uploads\/2017\/10\/22751129_10159432405160321_622932255_o2.jpg","datePublished":"2018-06-07T15:48:06+00:00","dateModified":"2025-08-26T08:46:47+00:00","description":"\"D\\u00e9couvrez l\\u2019\\u00e9quipe dirigeante de Kanzas SARL : des experts en gestion, innovation et strat\\u00e9gie au service de votre r\\u00e9ussite.\"","breadcrumb":{"@id":"https:\/\/www.kanzasarl.com\/a-propos\/equipe-dirigeante\/#breadcrumb"},"inLanguage":"en-GB","potentialAction":[{"@type":"ReadAction","target":["https:\/\/www.kanzasarl.com\/a-propos\/equipe-dirigeante\/"]}]},{"@type":"ImageObject","inLanguage":"en-GB","@id":"https:\/\/www.kanzasarl.com\/a-propos\/equipe-dirigeante\/#primaryimage","url":"https:\/\/www.kanzasarl.com\/wp-content\/uploads\/2017\/10\/22751129_10159432405160321_622932255_o2.jpg","contentUrl":"https:\/\/www.kanzasarl.com\/wp-content\/uploads\/2017\/10\/22751129_10159432405160321_622932255_o2.jpg","width":1422,"height":692,"caption":"\u00e9quipe dirigeante et notre histoire"},{"@type":"BreadcrumbList","@id":"https:\/\/www.kanzasarl.com\/a-propos\/equipe-dirigeante\/#breadcrumb","itemListElement":[{"@type":"ListItem","position":1,"name":"Home","item":"https:\/\/www.kanzasarl.com\/"},{"@type":"ListItem","position":2,"name":"A propos","item":"https:\/\/www.kanzasarl.com\/a-propos\/"},{"@type":"ListItem","position":3,"name":"L&#8217;\u00e9quipe dirigeante"}]},{"@type":"WebSite","@id":"https:\/\/www.kanzasarl.com\/#website","url":"https:\/\/www.kanzasarl.com\/","name":"KANZA SARL","description":"","publisher":{"@id":"https:\/\/www.kanzasarl.com\/#organization"},"potentialAction":[{"@type":"SearchAction","target":{"@type":"EntryPoint","urlTemplate":"https:\/\/www.kanzasarl.com\/?s={search_term_string}"},"query-input":{"@type":"PropertyValueSpecification","valueRequired":true,"valueName":"search_term_string"}}],"inLanguage":"en-GB"},{"@type":"Organization","@id":"https:\/\/www.kanzasarl.com\/#organization","name":"KANZA SARL","url":"https:\/\/www.kanzasarl.com\/","logo":{"@type":"ImageObject","inLanguage":"en-GB","@id":"https:\/\/www.kanzasarl.com\/#\/schema\/logo\/image\/","url":"https:\/\/www.kanzasarl.com\/wp-content\/uploads\/2025\/08\/logo.png","contentUrl":"https:\/\/www.kanzasarl.com\/wp-content\/uploads\/2025\/08\/logo.png","width":646,"height":250,"caption":"KANZA SARL"},"image":{"@id":"https:\/\/www.kanzasarl.com\/#\/schema\/logo\/image\/"},"sameAs":["https:\/\/web.facebook.com\/CameroonEnergy","https:\/\/www.instagram.com\/kanzasarl\/#"]}]}},"_links":{"self":[{"href":"https:\/\/www.kanzasarl.com\/en\/wp-json\/wp\/v2\/pages\/684","targetHints":{"allow":["GET"]}}],"collection":[{"href":"https:\/\/www.kanzasarl.com\/en\/wp-json\/wp\/v2\/pages"}],"about":[{"href":"https:\/\/www.kanzasarl.com\/en\/wp-json\/wp\/v2\/types\/page"}],"author":[{"embeddable":true,"href":"https:\/\/www.kanzasarl.com\/en\/wp-json\/wp\/v2\/users\/1"}],"replies":[{"embeddable":true,"href":"https:\/\/www.kanzasarl.com\/en\/wp-json\/wp\/v2\/comments?post=684"}],"version-history":[{"count":4,"href":"https:\/\/www.kanzasarl.com\/en\/wp-json\/wp\/v2\/pages\/684\/revisions"}],"predecessor-version":[{"id":1221,"href":"https:\/\/www.kanzasarl.com\/en\/wp-json\/wp\/v2\/pages\/684\/revisions\/1221"}],"up":[{"embeddable":true,"href":"https:\/\/www.kanzasarl.com\/en\/wp-json\/wp\/v2\/pages\/680"}],"wp:featuredmedia":[{"embeddable":true,"href":"https:\/\/www.kanzasarl.com\/en\/wp-json\/wp\/v2\/media\/148"}],"wp:attachment":[{"href":"https:\/\/www.kanzasarl.com\/en\/wp-json\/wp\/v2\/media?parent=684"}],"curies":[{"name":"wp","href":"https:\/\/api.w.org\/{rel}","templated":true}]}}